{"id":31693,"date":"2023-06-02T10:59:52","date_gmt":"2023-06-02T08:59:52","guid":{"rendered":"https:\/\/cardinal.pixel-tal.de\/tasmy-samoprzylepne\/tasma-klejaca-abc\/folia-i-tasmy-opakowaniowe\/"},"modified":"2023-06-14T10:47:23","modified_gmt":"2023-06-14T08:47:23","slug":"folia-i-tasmy-opakowaniowe","status":"publish","type":"page","link":"https:\/\/cardinal-tapes.com\/pl\/tasmy-samoprzylepne-pl\/tasma-klejaca-abc\/folia-i-tasmy-opakowaniowe\/","title":{"rendered":"Folia i ta\u015bmy opakowaniowe"},"content":{"rendered":"<div id='av_section_1'  class='avia-section av-d2w8ly-42c55ecf92f4a6ce29f5d0336b00ef3a alternate_color avia-section-default avia-no-border-styling  avia-builder-el-0  el_before_av_section  avia-builder-el-first  avia-bg-style-scroll container_wrap fullsize'  ><div class='container av-section-cont-open' ><main  role=\"main\" itemprop=\"mainContentOfPage\"  class='template-page content  av-content-full alpha units'><div class='post-entry post-entry-type-page post-entry-31693'><div class='entry-content-wrapper clearfix'>\n<div  class='flex_column av-40yvq-7bcc5640f6e80e101df99dd5f68dd394 av_one_full  avia-builder-el-1  el_before_av_one_half  avia-builder-el-first  first flex_column_div  '     ><div class=\"pxl-headline pxl-hl hl-wrap | hl-sub--off hl--align-left hl--no-margin    \">\n        <div class=\"hl-inner\">\n            <h2 class=\"hl-main hl-line |  hl_main--default  \">Folia i ta\u015bmy opakowaniowe<\/h2>\n            \n    <\/div>\n<\/div><\/div><div  class='flex_column av-9vksg6-d6e133d2f34aaf36df1e6bcf3bf75fc4 av_one_half  avia-builder-el-3  el_after_av_one_full  el_before_av_one_half  first flex_column_div  column-top-margin'     ><section  class='av_textblock_section av-bciv9y-dd9d5bc87017b9683563b7405558c237 '   itemscope=\"itemscope\" itemtype=\"https:\/\/schema.org\/CreativeWork\" ><div class='avia_textblock'  itemprop=\"text\" ><p>Ta\u015bmy foliowe i pakowe, znane r\u00f3wnie\u017c jako ta\u015bmy pakowe, s\u0105 u\u017cywane do idealnego uszczelniania wszystkich rodzaj\u00f3w opakowa\u0144 &#8211; indywidualnie dostosowanych do potrzeb klienta. Jako partner handlowy w zakresie technicznych ta\u015bm samoprzylepnych posiadamy zr\u00f3\u017cnicowany wyb\u00f3r ta\u015bm pakowych. Nasze ta\u015bmy PVC s\u0105 cz\u0119sto u\u017cywane do \u015brednich i du\u017cych opakowa\u0144. Do lekkich opakowa\u0144 kartonowych zalecamy ta\u015bmy samoprzylepne PP wykonane z polipropylenu. Przywi\u0105zujemy du\u017c\u0105 wag\u0119 do odporno\u015bci na rozdarcie i wysokiej si\u0142y klejenia naszych produkt\u00f3w, poniewa\u017c nasze ta\u015bmy pakowe musz\u0105 niezawodnie przylega\u0107 nawet na d\u0142ugich dystansach transportowych. Ponadto nale\u017cy zauwa\u017cy\u0107, \u017ce folia i ta\u015bmy pakowe gwarantuj\u0105 pewn\u0105 odporno\u015b\u0107 na zimno i ciep\u0142o, aby umo\u017cliwi\u0107 r\u00f3wnie\u017c archiwizacj\u0119 lub uszczelnianie przechowywanych towar\u00f3w.<\/p>\n<\/div><\/section><\/div><div  class='flex_column av-7vm4k6-c0ed77bca87564b2ec331f6b55af0f99 av_one_half  avia-builder-el-5  el_after_av_one_half  avia-builder-el-last  flex_column_div  column-top-margin'     ><section  class='av_textblock_section av-7zvdja-614949f327eca278fdc11f56957c9b38 '   itemscope=\"itemscope\" itemtype=\"https:\/\/schema.org\/CreativeWork\" ><div class='avia_textblock'  itemprop=\"text\" ><h4>Nasze folie i ta\u015bmy pakowe<\/h4>\n<p>Nasze wysokiej jako\u015bci ta\u015bmy foliowe i pakowe nie pozostawiaj\u0105 prawie nic do \u017cyczenia, dzi\u0119ki naszym ta\u015bmom mo\u017cesz uszczelnia\u0107, wi\u0105za\u0107, a nawet oznacza\u0107 swoje produkty bezpo\u015brednim przekazem reklamowym. Ponadto drukujemy ta\u015bmy samoprzylepne z logo firmy lub dowolnym napisem. Aby spe\u0142ni\u0107 indywidualne wymagania naszych klient\u00f3w, oferujemy szeroki wyb\u00f3r ta\u015bm pakowych w r\u00f3\u017cnych kolorach, rozmiarach, a tak\u017ce w postaci d\u0142ugich rolek.<\/p>\n<p>Poni\u017csza lista naszych folii i ta\u015bm opakowaniowych s\u0142u\u017cy jako og\u00f3lny przegl\u0105d. Je\u015bli nie znajdziesz tutaj odpowiedniego rozwi\u0105zania dla swoich specjalnych wymaga\u0144, skontaktuj si\u0119 z nami osobi\u015bcie. Nasz asortyment produkt\u00f3w jest stale poszerzany i aktualizowany zgodnie z najnowszymi osi\u0105gni\u0119ciami. Znajdziemy r\u00f3wnie\u017c optymalne rozwi\u0105zania dla Twoich indywidualnych \u017cycze\u0144. Skontaktuj si\u0119 z nami, a ch\u0119tnie Ci pomo\u017cemy.<\/p>\n<\/div><\/section><\/div>\n\n<\/div><\/div><\/main><!-- close content main element --><\/div><\/div><div id='av_section_2'  class='avia-section av-5zv7mu-cce98d1f3af584314404c708ee916f05 main_color avia-section-default avia-no-border-styling  avia-builder-el-7  el_after_av_section  avia-builder-el-last  gradient-section avia-bg-style-scroll container_wrap fullsize'  ><div class='container av-section-cont-open' ><div class='template-page content  av-content-full alpha units'><div class='post-entry post-entry-type-page post-entry-31693'><div class='entry-content-wrapper clearfix'>\n<div  class='flex_column av-4udarq-d8173c28cc854c228974094817054b2c av_one_full  avia-builder-el-8  avia-builder-el-no-sibling  first flex_column_div  '     ><p><div class=\"pxl-headline pxl-hl hl-wrap | hl-sub--off hl--align-left hl--no-margin    \">\n        <div class=\"hl-inner\">\n            <h2 class=\"hl-main hl-line |  hl_main--default  \">Interesuj\u0105ce produkty<\/h2>\n            \n    <\/div>\n<\/div>\n<br \/>\n<div   data-autoplay=''  data-interval='5'  data-animation='fade'  data-hoverpause='1'  class='template-shop avia-content-slider avia-content-slider-active avia-product-slider1 avia-content-slider-even  avia-builder-el-10  el_after_pixel_sc_headline  el_before_av_button   shop_columns_4' ><div class='avia-content-slider-inner'><ul class=\"products slide-entry-wrap\"><li class=\"product type-product post-37514 status-publish first instock product_cat-jednostronne-tasmy-samoprzylepne product_cat-folia-pp product_cat-systemy-pakowania has-post-thumbnail taxable shipping-taxable purchasable product-type-variable\">\n\t<div class='inner_product main_color wrapped_style noLightbox  av-product-class-no_button'><a href=\"https:\/\/cardinal-tapes.com\/pl\/ta\u015bmy-samoprzylepne\/jednostronne-tasmy-samoprzylepne\/folia-pp\/tesa-pack-4024\/\" class=\"woocommerce-LoopProduct-link woocommerce-loop-product__link\"><div class=\"thumbnail_container\"><img decoding=\"async\" loading=\"lazy\" width=\"450\" height=\"354\" src=\"https:\/\/cardinal-tapes.com\/wp-content\/uploads\/tesa-04024mu84-15-pa-002-fullsize171322_canvas1x1_5-450x354.jpg\" class=\"wp-image-28306 avia-img-lazy-loading-28306 attachment-shop_catalog size-shop_catalog wp-post-image\" alt=\"Ta\u015bma pakowa tesapack\u00ae 4024 PV4 - jednostronny, Folia PP, Akryl - Ilustracja 28306\" \/><\/div><div class='inner_product_header'><div class='avia-arrow'><\/div><div class='inner_product_header_table'><div class='inner_product_header_cell'><span class=\"is-h2 woocommerce-loop-product__title\">Ta\u015bma pakowa tesapack\u00ae 4024 PV4<\/span>\t\t<div class=\"product-infos\">\n\t\t\t\t\t\t\t<span class='product-infos__item'><b>Pow\u0142oka:<\/b> jednostronny<\/span>\n\t\t\t\t\t\t\t\t\t\t<span class='product-infos__item'><b>Rodzaj materia\u0142u:<\/b> Folia PP<\/span>\n\t\t\t\t\t\t\t\t\t\t<span class='product-infos__item'><b>Producent:<\/b> tesa<\/span>\n\t\t\t\t\t\t\t\t\t\t<span class='product-infos__item'><b>Cena na \u017c\u0105danie<\/b><\/span>\n\t\t\t\t\t<\/div>\n\t<\/div><\/div><\/div><\/a><\/div><\/li>\n<li class=\"product type-product post-59640 status-publish instock product_cat-sektor-transportowy product_cat-jednostronne-tasmy-samoprzylepne product_cat-folia-pp product_cat-systemy-pakowania has-post-thumbnail taxable shipping-taxable purchasable product-type-variable\">\n\t<div class='inner_product main_color wrapped_style noLightbox  av-product-class-no_button'><a href=\"https:\/\/cardinal-tapes.com\/pl\/ta\u015bmy-samoprzylepne\/jednostronne-tasmy-samoprzylepne\/folia-pp\/tesa-4089-universal-pp-packaging-tape\/\" class=\"woocommerce-LoopProduct-link woocommerce-loop-product__link\"><div class=\"thumbnail_container\"><img decoding=\"async\" loading=\"lazy\" width=\"450\" height=\"450\" src=\"https:\/\/cardinal-tapes.com\/wp-content\/uploads\/tesa-4089-1-450x450.jpg\" class=\"wp-image-26182 avia-img-lazy-loading-26182 attachment-shop_catalog size-shop_catalog wp-post-image\" alt=\"Uniwersalna ta\u015bma pakowa PP tesapack\u00ae 4089 - jednostronny, Polipropylen, Kauczuk naturalny - Ilustracja 26182\" srcset=\"https:\/\/cardinal-tapes.com\/wp-content\/uploads\/tesa-4089-1-450x450.jpg 450w, https:\/\/cardinal-tapes.com\/wp-content\/uploads\/tesa-4089-1-120x120.jpg 120w, https:\/\/cardinal-tapes.com\/wp-content\/uploads\/tesa-4089-1-80x80.jpg 80w, https:\/\/cardinal-tapes.com\/wp-content\/uploads\/tesa-4089-1-200x200.jpg 200w, https:\/\/cardinal-tapes.com\/wp-content\/uploads\/tesa-4089-1-36x36.jpg 36w, https:\/\/cardinal-tapes.com\/wp-content\/uploads\/tesa-4089-1-180x180.jpg 180w, https:\/\/cardinal-tapes.com\/wp-content\/uploads\/tesa-4089-1-100x100.jpg 100w, https:\/\/cardinal-tapes.com\/wp-content\/uploads\/tesa-4089-1.jpg 600w\" sizes=\"auto, (max-width: 450px) 100vw, 450px\" \/><\/div><div class='inner_product_header'><div class='avia-arrow'><\/div><div class='inner_product_header_table'><div class='inner_product_header_cell'><span class=\"is-h2 woocommerce-loop-product__title\">Uniwersalna ta\u015bma pakowa PP tesapack\u00ae 4089<\/span>\t\t<div class=\"product-infos\">\n\t\t\t\t\t\t\t<span class='product-infos__item'><b>Pow\u0142oka:<\/b> jednostronny<\/span>\n\t\t\t\t\t\t\t\t\t\t<span class='product-infos__item'><b>Rodzaj materia\u0142u:<\/b> Polipropylen<\/span>\n\t\t\t\t\t\t\t\t\t\t<span class='product-infos__item'><b>Producent:<\/b> tesa<\/span>\n\t\t\t\t\t\t\t\t\t\t<span class='product-infos__item'><b>Cena na \u017c\u0105danie<\/b><\/span>\n\t\t\t\t\t<\/div>\n\t<\/div><\/div><\/div><\/a><\/div><\/li>\n<li class=\"product type-product post-47016 status-publish instock product_cat-sektor-transportowy product_cat-jednostronne-tasmy-samoprzylepne product_cat-folia-pvc product_cat-systemy-pakowania has-post-thumbnail taxable shipping-taxable purchasable product-type-variable\">\n\t<div class='inner_product main_color wrapped_style noLightbox  av-product-class-no_button'><a href=\"https:\/\/cardinal-tapes.com\/pl\/ta\u015bmy-samoprzylepne\/jednostronne-tasmy-samoprzylepne\/folia-pvc\/ca-53-i-pvc-tasma-samoprzylepna-tasma-pakowa\/\" class=\"woocommerce-LoopProduct-link woocommerce-loop-product__link\"><div class=\"thumbnail_container\"><img decoding=\"async\" loading=\"lazy\" width=\"450\" height=\"450\" src=\"https:\/\/cardinal-tapes.com\/wp-content\/uploads\/CA_Mix_04_retouched-450x450.jpg\" class=\"wp-image-26934 avia-img-lazy-loading-26934 attachment-shop_catalog size-shop_catalog wp-post-image\" alt=\"CA-53\/I Ta\u015bma samoprzylepna PVC \/ ta\u015bma pakowa - jednostronny, Folia PVC, Kauczuk naturalny - Ilustracja 26934\" srcset=\"https:\/\/cardinal-tapes.com\/wp-content\/uploads\/CA_Mix_04_retouched-450x450.jpg 450w, https:\/\/cardinal-tapes.com\/wp-content\/uploads\/CA_Mix_04_retouched-120x120.jpg 120w, https:\/\/cardinal-tapes.com\/wp-content\/uploads\/CA_Mix_04_retouched-80x80.jpg 80w, https:\/\/cardinal-tapes.com\/wp-content\/uploads\/CA_Mix_04_retouched-36x36.jpg 36w, https:\/\/cardinal-tapes.com\/wp-content\/uploads\/CA_Mix_04_retouched-180x180.jpg 180w, https:\/\/cardinal-tapes.com\/wp-content\/uploads\/CA_Mix_04_retouched-100x100.jpg 100w\" sizes=\"auto, (max-width: 450px) 100vw, 450px\" \/><\/div><div class='inner_product_header'><div class='avia-arrow'><\/div><div class='inner_product_header_table'><div class='inner_product_header_cell'><span class=\"is-h2 woocommerce-loop-product__title\">CA-53\/I Ta\u015bma samoprzylepna PVC \/ ta\u015bma pakowa<\/span>\t\t<div class=\"product-infos\">\n\t\t\t\t\t\t\t<span class='product-infos__item'><b>Pow\u0142oka:<\/b> jednostronny<\/span>\n\t\t\t\t\t\t\t\t\t\t<span class='product-infos__item'><b>Rodzaj materia\u0142u:<\/b> Folia PVC<\/span>\n\t\t\t\t\t\t\t\t\t\t<span class='product-infos__item'><b>Producent:<\/b> cardinal GmbH<\/span>\n\t\t\t\t\t\t\t\t\t\t<span class='product-infos__item'><b>Cena na \u017c\u0105danie<\/b><\/span>\n\t\t\t\t\t<\/div>\n\t<\/div><\/div><\/div><\/a><\/div><\/li>\n<li class=\"product type-product post-55286 status-publish last instock product_cat-sektor-transportowy product_cat-jednostronne-tasmy-samoprzylepne product_cat-folia-pvc product_cat-systemy-pakowania has-post-thumbnail taxable shipping-taxable purchasable product-type-variable has-default-attributes\">\n\t<div class='inner_product main_color wrapped_style noLightbox  av-product-class-no_button'><a href=\"https:\/\/cardinal-tapes.com\/pl\/ta\u015bmy-samoprzylepne\/jednostronne-tasmy-samoprzylepne\/folia-pvc\/tasma-pakowa-ca-51\/\" class=\"woocommerce-LoopProduct-link woocommerce-loop-product__link\"><div class=\"thumbnail_container\"><img decoding=\"async\" loading=\"lazy\" width=\"450\" height=\"450\" src=\"https:\/\/cardinal-tapes.com\/wp-content\/uploads\/Cardinal_Tapes_Shopbild_4-450x450.jpg\" class=\"wp-image-77051 avia-img-lazy-loading-77051 attachment-shop_catalog size-shop_catalog wp-post-image\" alt=\"Ta\u015bma pakowa CA-51 PVC - jednostronny, Sztywna folia PVC, Kauczuk naturalny - Ilustracja 77051\" srcset=\"https:\/\/cardinal-tapes.com\/wp-content\/uploads\/Cardinal_Tapes_Shopbild_4-450x450.jpg 450w, https:\/\/cardinal-tapes.com\/wp-content\/uploads\/Cardinal_Tapes_Shopbild_4-100x100.jpg 100w, https:\/\/cardinal-tapes.com\/wp-content\/uploads\/Cardinal_Tapes_Shopbild_4-200x200.jpg 200w, https:\/\/cardinal-tapes.com\/wp-content\/uploads\/Cardinal_Tapes_Shopbild_4-80x80.jpg 80w, https:\/\/cardinal-tapes.com\/wp-content\/uploads\/Cardinal_Tapes_Shopbild_4-36x36.jpg 36w, https:\/\/cardinal-tapes.com\/wp-content\/uploads\/Cardinal_Tapes_Shopbild_4-180x180.jpg 180w, https:\/\/cardinal-tapes.com\/wp-content\/uploads\/Cardinal_Tapes_Shopbild_4-120x120.jpg 120w, https:\/\/cardinal-tapes.com\/wp-content\/uploads\/Cardinal_Tapes_Shopbild_4.jpg 480w\" sizes=\"auto, (max-width: 450px) 100vw, 450px\" \/><\/div><div class='inner_product_header'><div class='avia-arrow'><\/div><div class='inner_product_header_table'><div class='inner_product_header_cell'><span class=\"is-h2 woocommerce-loop-product__title\">Ta\u015bma pakowa CA-51 PVC<\/span>\t\t<div class=\"product-infos\">\n\t\t\t\t\t\t\t<span class='product-infos__item'><b>Pow\u0142oka:<\/b> jednostronny<\/span>\n\t\t\t\t\t\t\t\t\t\t<span class='product-infos__item'><b>Rodzaj materia\u0142u:<\/b> Sztywna folia PVC<\/span>\n\t\t\t\t\t\t\t\t\t\t<span class='product-infos__item'><b>Producent:<\/b> cardinal GmbH<\/span>\n\t\t\t\t\t\t\t\t\t\t<span class='product-infos__item'><b>Cena na \u017c\u0105danie<\/b><\/span>\n\t\t\t\t\t<\/div>\n\t<\/div><\/div><\/div><\/a><\/div><\/li>\n<\/ul><\/div><\/div><div class=\"clear\"><\/div><br \/>\n<div  class='avia-button-wrap av-2apeh2-bd2ab2f529e69814a0006ee2d84f3c02-wrap avia-button-left '><a href='https:\/\/cardinal-tapes.com\/klebebaender\/'  class='avia-button av-2apeh2-bd2ab2f529e69814a0006ee2d84f3c02 avia-icon_select-no avia-size-medium avia-position-left avia-color-theme-color layout-border color-white'  ><span class='avia_iconbox_title' >Wszystkie produkty<\/span><\/a><\/div><\/p><\/div>\n","protected":false},"excerpt":{"rendered":"","protected":false},"author":1,"featured_media":0,"parent":30844,"menu_order":29,"comment_status":"closed","ping_status":"closed","template":"","meta":{"_acf_changed":false,"footnotes":""},"class_list":["post-31693","page","type-page","status-publish","hentry"],"acf":[],"yoast_head":"<!-- This site is optimized with the Yoast SEO plugin v27.4 - https:\/\/yoast.com\/product\/yoast-seo-wordpress\/ -->\n<title>Folia i ta\u015bmy opakowaniowe - cardinal TAPES<\/title>\n<meta name=\"description\" content=\"Ta\u015bmy foliowe i pakowe, znane r\u00f3wnie\u017c jako ta\u015bmy pakowe, s\u0105 u\u017cywane do idealnego uszczelniania wszystkich rodzaj\u00f3w opakowa\u0144. Dowiedz si\u0119 wi\u0119cej.\" \/>\n<meta name=\"robots\" content=\"index, follow, max-snippet:-1, max-image-preview:large, max-video-preview:-1\" \/>\n<link rel=\"canonical\" href=\"https:\/\/cardinal-tapes.com\/pl\/tasmy-samoprzylepne-pl\/tasma-klejaca-abc\/folia-i-tasmy-opakowaniowe\/\" \/>\n<meta property=\"og:locale\" content=\"pl_PL\" \/>\n<meta property=\"og:type\" content=\"article\" \/>\n<meta property=\"og:title\" content=\"Folia i ta\u015bmy opakowaniowe - cardinal TAPES\" \/>\n<meta property=\"og:description\" content=\"Ta\u015bmy foliowe i pakowe, znane r\u00f3wnie\u017c jako ta\u015bmy pakowe, s\u0105 u\u017cywane do idealnego uszczelniania wszystkich rodzaj\u00f3w opakowa\u0144. Dowiedz si\u0119 wi\u0119cej.\" \/>\n<meta property=\"og:url\" content=\"https:\/\/cardinal-tapes.com\/pl\/tasmy-samoprzylepne-pl\/tasma-klejaca-abc\/folia-i-tasmy-opakowaniowe\/\" \/>\n<meta property=\"og:site_name\" content=\"cardinal TAPES\" \/>\n<meta property=\"article:modified_time\" content=\"2023-06-14T08:47:23+00:00\" \/>\n<meta name=\"twitter:card\" content=\"summary_large_image\" \/>\n<meta name=\"twitter:label1\" content=\"Szacowany czas czytania\" \/>\n\t<meta name=\"twitter:data1\" content=\"15 minut\" \/>\n<script type=\"application\/ld+json\" class=\"yoast-schema-graph\">{\"@context\":\"https:\\\/\\\/schema.org\",\"@graph\":[{\"@type\":\"WebPage\",\"@id\":\"https:\\\/\\\/cardinal-tapes.com\\\/pl\\\/tasmy-samoprzylepne-pl\\\/tasma-klejaca-abc\\\/folia-i-tasmy-opakowaniowe\\\/\",\"url\":\"https:\\\/\\\/cardinal-tapes.com\\\/pl\\\/tasmy-samoprzylepne-pl\\\/tasma-klejaca-abc\\\/folia-i-tasmy-opakowaniowe\\\/\",\"name\":\"Folia i ta\u015bmy opakowaniowe - cardinal TAPES\",\"isPartOf\":{\"@id\":\"https:\\\/\\\/cardinal-tapes.com\\\/#website\"},\"datePublished\":\"2023-06-02T08:59:52+00:00\",\"dateModified\":\"2023-06-14T08:47:23+00:00\",\"description\":\"Ta\u015bmy foliowe i pakowe, znane r\u00f3wnie\u017c jako ta\u015bmy pakowe, s\u0105 u\u017cywane do idealnego uszczelniania wszystkich rodzaj\u00f3w opakowa\u0144. Dowiedz si\u0119 wi\u0119cej.\",\"breadcrumb\":{\"@id\":\"https:\\\/\\\/cardinal-tapes.com\\\/pl\\\/tasmy-samoprzylepne-pl\\\/tasma-klejaca-abc\\\/folia-i-tasmy-opakowaniowe\\\/#breadcrumb\"},\"inLanguage\":\"pl-PL\",\"potentialAction\":[{\"@type\":\"ReadAction\",\"target\":[\"https:\\\/\\\/cardinal-tapes.com\\\/pl\\\/tasmy-samoprzylepne-pl\\\/tasma-klejaca-abc\\\/folia-i-tasmy-opakowaniowe\\\/\"]}]},{\"@type\":\"BreadcrumbList\",\"@id\":\"https:\\\/\\\/cardinal-tapes.com\\\/pl\\\/tasmy-samoprzylepne-pl\\\/tasma-klejaca-abc\\\/folia-i-tasmy-opakowaniowe\\\/#breadcrumb\",\"itemListElement\":[{\"@type\":\"ListItem\",\"position\":1,\"name\":\"Startseite\",\"item\":\"https:\\\/\\\/cardinal-tapes.com\\\/pl\\\/strona-glowna\\\/\"},{\"@type\":\"ListItem\",\"position\":2,\"name\":\"Ta\u015bmy samoprzylepne\",\"item\":\"https:\\\/\\\/cardinal-tapes.com\\\/pl\\\/tasmy-samoprzylepne-pl\\\/\"},{\"@type\":\"ListItem\",\"position\":3,\"name\":\"Ta\u015bma klej\u0105ca ABC\",\"item\":\"https:\\\/\\\/cardinal-tapes.com\\\/pl\\\/tasmy-samoprzylepne-pl__trashed\\\/tasma-klejaca-abc\\\/\"},{\"@type\":\"ListItem\",\"position\":4,\"name\":\"Folia i ta\u015bmy opakowaniowe\"}]},{\"@type\":\"WebSite\",\"@id\":\"https:\\\/\\\/cardinal-tapes.com\\\/#website\",\"url\":\"https:\\\/\\\/cardinal-tapes.com\\\/\",\"name\":\"cardinal TAPES\",\"description\":\"Klebetechnik aus Wuppertal\",\"potentialAction\":[{\"@type\":\"SearchAction\",\"target\":{\"@type\":\"EntryPoint\",\"urlTemplate\":\"https:\\\/\\\/cardinal-tapes.com\\\/?s={search_term_string}\"},\"query-input\":{\"@type\":\"PropertyValueSpecification\",\"valueRequired\":true,\"valueName\":\"search_term_string\"}}],\"inLanguage\":\"pl-PL\"}]}<\/script>\n<!-- \/ Yoast SEO plugin. -->","yoast_head_json":{"title":"Folia i ta\u015bmy opakowaniowe - cardinal TAPES","description":"Ta\u015bmy foliowe i pakowe, znane r\u00f3wnie\u017c jako ta\u015bmy pakowe, s\u0105 u\u017cywane do idealnego uszczelniania wszystkich rodzaj\u00f3w opakowa\u0144. Dowiedz si\u0119 wi\u0119cej.","robots":{"index":"index","follow":"follow","max-snippet":"max-snippet:-1","max-image-preview":"max-image-preview:large","max-video-preview":"max-video-preview:-1"},"canonical":"https:\/\/cardinal-tapes.com\/pl\/tasmy-samoprzylepne-pl\/tasma-klejaca-abc\/folia-i-tasmy-opakowaniowe\/","og_locale":"pl_PL","og_type":"article","og_title":"Folia i ta\u015bmy opakowaniowe - cardinal TAPES","og_description":"Ta\u015bmy foliowe i pakowe, znane r\u00f3wnie\u017c jako ta\u015bmy pakowe, s\u0105 u\u017cywane do idealnego uszczelniania wszystkich rodzaj\u00f3w opakowa\u0144. Dowiedz si\u0119 wi\u0119cej.","og_url":"https:\/\/cardinal-tapes.com\/pl\/tasmy-samoprzylepne-pl\/tasma-klejaca-abc\/folia-i-tasmy-opakowaniowe\/","og_site_name":"cardinal TAPES","article_modified_time":"2023-06-14T08:47:23+00:00","twitter_card":"summary_large_image","twitter_misc":{"Szacowany czas czytania":"15 minut"},"schema":{"@context":"https:\/\/schema.org","@graph":[{"@type":"WebPage","@id":"https:\/\/cardinal-tapes.com\/pl\/tasmy-samoprzylepne-pl\/tasma-klejaca-abc\/folia-i-tasmy-opakowaniowe\/","url":"https:\/\/cardinal-tapes.com\/pl\/tasmy-samoprzylepne-pl\/tasma-klejaca-abc\/folia-i-tasmy-opakowaniowe\/","name":"Folia i ta\u015bmy opakowaniowe - cardinal TAPES","isPartOf":{"@id":"https:\/\/cardinal-tapes.com\/#website"},"datePublished":"2023-06-02T08:59:52+00:00","dateModified":"2023-06-14T08:47:23+00:00","description":"Ta\u015bmy foliowe i pakowe, znane r\u00f3wnie\u017c jako ta\u015bmy pakowe, s\u0105 u\u017cywane do idealnego uszczelniania wszystkich rodzaj\u00f3w opakowa\u0144. Dowiedz si\u0119 wi\u0119cej.","breadcrumb":{"@id":"https:\/\/cardinal-tapes.com\/pl\/tasmy-samoprzylepne-pl\/tasma-klejaca-abc\/folia-i-tasmy-opakowaniowe\/#breadcrumb"},"inLanguage":"pl-PL","potentialAction":[{"@type":"ReadAction","target":["https:\/\/cardinal-tapes.com\/pl\/tasmy-samoprzylepne-pl\/tasma-klejaca-abc\/folia-i-tasmy-opakowaniowe\/"]}]},{"@type":"BreadcrumbList","@id":"https:\/\/cardinal-tapes.com\/pl\/tasmy-samoprzylepne-pl\/tasma-klejaca-abc\/folia-i-tasmy-opakowaniowe\/#breadcrumb","itemListElement":[{"@type":"ListItem","position":1,"name":"Startseite","item":"https:\/\/cardinal-tapes.com\/pl\/strona-glowna\/"},{"@type":"ListItem","position":2,"name":"Ta\u015bmy samoprzylepne","item":"https:\/\/cardinal-tapes.com\/pl\/tasmy-samoprzylepne-pl\/"},{"@type":"ListItem","position":3,"name":"Ta\u015bma klej\u0105ca ABC","item":"https:\/\/cardinal-tapes.com\/pl\/tasmy-samoprzylepne-pl__trashed\/tasma-klejaca-abc\/"},{"@type":"ListItem","position":4,"name":"Folia i ta\u015bmy opakowaniowe"}]},{"@type":"WebSite","@id":"https:\/\/cardinal-tapes.com\/#website","url":"https:\/\/cardinal-tapes.com\/","name":"cardinal TAPES","description":"Klebetechnik aus Wuppertal","potentialAction":[{"@type":"SearchAction","target":{"@type":"EntryPoint","urlTemplate":"https:\/\/cardinal-tapes.com\/?s={search_term_string}"},"query-input":{"@type":"PropertyValueSpecification","valueRequired":true,"valueName":"search_term_string"}}],"inLanguage":"pl-PL"}]}},"_links":{"self":[{"href":"https:\/\/cardinal-tapes.com\/pl\/wp-json\/wp\/v2\/pages\/31693","targetHints":{"allow":["GET"]}}],"collection":[{"href":"https:\/\/cardinal-tapes.com\/pl\/wp-json\/wp\/v2\/pages"}],"about":[{"href":"https:\/\/cardinal-tapes.com\/pl\/wp-json\/wp\/v2\/types\/page"}],"author":[{"embeddable":true,"href":"https:\/\/cardinal-tapes.com\/pl\/wp-json\/wp\/v2\/users\/1"}],"replies":[{"embeddable":true,"href":"https:\/\/cardinal-tapes.com\/pl\/wp-json\/wp\/v2\/comments?post=31693"}],"version-history":[{"count":0,"href":"https:\/\/cardinal-tapes.com\/pl\/wp-json\/wp\/v2\/pages\/31693\/revisions"}],"up":[{"embeddable":true,"href":"https:\/\/cardinal-tapes.com\/pl\/wp-json\/wp\/v2\/pages\/30844"}],"wp:attachment":[{"href":"https:\/\/cardinal-tapes.com\/pl\/wp-json\/wp\/v2\/media?parent=31693"}],"curies":[{"name":"wp","href":"https:\/\/api.w.org\/{rel}","templated":true}]}}