{"id":87929,"date":"2026-04-02T15:10:42","date_gmt":"2026-04-02T13:10:42","guid":{"rendered":"https:\/\/cardinal.pixel-tal.de\/proteccion-de-datos\/"},"modified":"2026-08-13T09:40:19","modified_gmt":"2026-08-13T07:40:19","slug":"proteccion-de-datos","status":"publish","type":"page","link":"https:\/\/cardinal-tapes.com\/es\/proteccion-de-datos\/","title":{"rendered":"Protecci\u00f3n de datos"},"content":{"rendered":"<section class=\"section-standard-padding\">\n<div>\n<div class=\"wp-block-pixel-headline headlines --subheadline-bottom has-text-align-left\"><h1 class=\"headline\" style=\"color:\">Protecci\u00f3n de datos<\/h1><span class=\"subheadline\" style=\"color:\">La protecci\u00f3n de sus datos es importante para nosotros<\/span><\/div>\n\n\n\n<div>\n<div class=\"gb-element-2f2ea2fc\">\n<div>\n<h3 class=\"wp-block-heading\">1. la protecci\u00f3n de datos de un vistazo<\/h3>\n\n\n\n<h4 class=\"wp-block-heading\">Notas generales<\/h4>\n\n\n\n<p class=\"wp-block-paragraph\">Las siguientes notas ofrecen una visi\u00f3n sencilla de lo que ocurre con sus datos personales cuando visita nuestro sitio web. Los datos personales son aquellos que permiten identificarle personalmente. Si desea informaci\u00f3n detallada sobre el tema de la protecci\u00f3n de datos, consulte nuestra declaraci\u00f3n de protecci\u00f3n de datos que figura debajo de este texto.  <\/p>\n\n\n\n<h4 class=\"wp-block-heading\">Recogida de datos en nuestro sitio web<\/h4>\n\n\n\n<p class=\"wp-block-paragraph\"><strong>\u00bfQui\u00e9n es responsable de la recogida de datos en este sitio web?<\/strong><\/p>\n\n\n\n<p class=\"wp-block-paragraph\">El tratamiento de datos en este sitio web corre a cargo del operador del mismo. Encontrar\u00e1 sus datos de contacto en el pie de imprenta de este sitio web. <\/p>\n\n\n\n<p class=\"wp-block-paragraph\"><strong>\u00bfC\u00f3mo recogemos sus datos?<\/strong><\/p>\n\n\n\n<p class=\"wp-block-paragraph\">Por un lado, recopilamos tus datos cuando t\u00fa mismo nos los facilitas. Por ejemplo, pueden ser los datos que introduces en un formulario de contacto. <\/p>\n\n\n\n<p class=\"wp-block-paragraph\">Nuestros sistemas inform\u00e1ticos recogen otros datos autom\u00e1ticamente cuando visitas la web. Se trata, sobre todo, de datos t\u00e9cnicos (por ejemplo, el navegador de Internet, el sistema operativo o la hora en que accedes a la p\u00e1gina). Estos datos se recogen autom\u00e1ticamente en cuanto entras en nuestra web.  <\/p>\n\n\n\n<p class=\"wp-block-paragraph\"><strong>\u00bfPara qu\u00e9 utilizamos sus datos?<\/strong><\/p>\n\n\n\n<p class=\"wp-block-paragraph\">Parte de los datos se recogen para garantizar un funcionamiento sin errores del sitio web. Otros datos pueden utilizarse para analizar su comportamiento como usuario. <\/p>\n\n\n\n<p class=\"wp-block-paragraph\"><strong>\u00bfQu\u00e9 derechos tiene en relaci\u00f3n con sus datos?<\/strong><\/p>\n\n\n\n<p class=\"wp-block-paragraph\">Tienes derecho a recibir en cualquier momento, de forma gratuita, informaci\u00f3n sobre el origen, los destinatarios y la finalidad de tus datos personales almacenados. Adem\u00e1s, tienes derecho a solicitar la rectificaci\u00f3n, el bloqueo o la supresi\u00f3n de estos datos. Para esto, as\u00ed como para cualquier otra duda sobre la protecci\u00f3n de datos, puedes ponerte en contacto con nosotros en cualquier momento en la direcci\u00f3n que aparece en el aviso legal. Asimismo, tienes derecho a presentar una reclamaci\u00f3n ante la autoridad de control competente.   <\/p>\n\n\n\n<h4 class=\"wp-block-heading\">Herramientas y herramientas de an\u00e1lisis de terceros<\/h4>\n\n\n\n<p class=\"wp-block-paragraph\">Cuando visitas nuestra web, se puede analizar estad\u00edsticamente tu comportamiento de navegaci\u00f3n. Esto se hace sobre todo mediante cookies y los llamados programas de an\u00e1lisis. El an\u00e1lisis de tu comportamiento de navegaci\u00f3n suele ser an\u00f3nimo; no es posible rastrear este comportamiento hasta ti. Puedes oponerte a este an\u00e1lisis o evitarlo dejando de utilizar determinadas herramientas. Encontrar\u00e1s informaci\u00f3n detallada al respecto en la siguiente pol\u00edtica de privacidad.    <\/p>\n\n\n\n<p class=\"wp-block-paragraph\">Puede oponerse a este an\u00e1lisis. Le informaremos sobre las opciones de objeci\u00f3n en esta pol\u00edtica de privacidad. <\/p>\n\n\n\n<h3 class=\"wp-block-heading\">2 Notas generales e informaci\u00f3n obligatoria<\/h3>\n\n\n\n<h4 class=\"wp-block-heading\">Protecci\u00f3n de datos<\/h4>\n\n\n\n<p class=\"wp-block-paragraph\">Los operadores de estas p\u00e1ginas se toman muy en serio la protecci\u00f3n de sus datos personales. Tratamos sus datos personales de forma confidencial y de acuerdo con la normativa legal de protecci\u00f3n de datos y esta declaraci\u00f3n de protecci\u00f3n de datos. <\/p>\n\n\n\n<p class=\"wp-block-paragraph\">Cuando usted utiliza este sitio web, se recogen diversos datos personales. Los datos personales son aquellos con los que se le puede identificar personalmente. Esta pol\u00edtica de privacidad explica qu\u00e9 datos recogemos y para qu\u00e9 los utilizamos. Tambi\u00e9n explica c\u00f3mo y para qu\u00e9 se hace.   <\/p>\n\n\n\n<p class=\"wp-block-paragraph\">Te recordamos que la transmisi\u00f3n de datos por Internet (por ejemplo, al comunicarte por correo electr\u00f3nico) puede presentar fallos de seguridad. No es posible garantizar una protecci\u00f3n total de los datos frente al acceso de terceros. <\/p>\n\n\n\n<h4 class=\"wp-block-heading\">Nota sobre el organismo responsable<\/h4>\n\n\n\n<p class=\"wp-block-paragraph\">El responsable del tratamiento de datos de este sitio web es:<\/p>\n\n\n\n<p class=\"wp-block-paragraph\">cardinal GmbH<br\/>Beule 12<br\/>42277 Wuppertal<\/p>\n\n\n\n<p class=\"wp-block-paragraph\">Tel\u00e9fono: <a href=\"tel:+490202266850\" target=\"_blank\" rel=\"noreferrer noopener\">+49 202 26685-0<\/a><br\/>Correo electr\u00f3nico: <a href=\"mailto:info@cardinal-tapes.de\" target=\"_blank\" rel=\"noreferrer noopener\">info@cardinal-tapes.de<\/a><\/p>\n\n\n\n<p class=\"wp-block-paragraph\">El responsable del tratamiento es la persona f\u00edsica o jur\u00eddica que, por s\u00ed sola o junto con otros, decide los fines y los medios del tratamiento de los datos personales (por ejemplo, nombres, direcciones de correo electr\u00f3nico, etc.).<\/p>\n\n\n\n<h4 class=\"wp-block-heading\">Revocaci\u00f3n de su consentimiento para el tratamiento de datos<\/h4>\n\n\n\n<p class=\"wp-block-paragraph\">Muchas operaciones de tratamiento de datos s\u00f3lo son posibles con su consentimiento expl\u00edcito. Puede revocar el consentimiento que ya ha dado en cualquier momento. S\u00f3lo tiene que enviarnos un mensaje informal por correo electr\u00f3nico. La legalidad del tratamiento de datos efectuado hasta la revocaci\u00f3n no se ver\u00e1 afectada por \u00e9sta.   <\/p>\n\n\n\n<h4 class=\"wp-block-heading\">Derecho de recurso ante la autoridad de control competente<\/h4>\n\n\n\n<p class=\"wp-block-paragraph\">En caso de infracci\u00f3n de la legislaci\u00f3n sobre protecci\u00f3n de datos, el interesado tendr\u00e1 derecho a presentar una reclamaci\u00f3n ante la autoridad de control competente. La autoridad de control competente en materia de protecci\u00f3n de datos es el Comisionado de Protecci\u00f3n de Datos del Estado federado en el que tiene su sede nuestra empresa. Encontrar\u00e1 una lista de los responsables de la protecci\u00f3n de datos y sus datos de contacto en el siguiente enlace: <a href=\"https:\/\/www.bfdi.bund.de\/DE\/Infothek\/Anschriften_Links\/anschriften_links-node.html\" target=\"_blank\" rel=\"noreferrer noopener\">https:\/\/www.bfdi.bund.de\/DE\/Infothek\/Anschriften_Links\/anschriften_links-node.html.<\/a>  <\/p>\n\n\n\n<h4 class=\"wp-block-heading\">Cifrado SSL o TLS<\/h4>\n\n\n\n<p class=\"wp-block-paragraph\">Esta p\u00e1gina utiliza cifrado SSL o TLS por motivos de seguridad y para proteger la transmisi\u00f3n de contenidos confidenciales, como los pedidos o las consultas que nos env\u00edas a nosotros, los responsables de la p\u00e1gina. Sabr\u00e1s que la conexi\u00f3n est\u00e1 cifrada porque la barra de direcciones del navegador cambia de \u00abhttp:\/\/\u00bb a \u00abhttps:\/\/\u00bb y porque aparece el icono del candado en la barra del navegador. <\/p>\n\n\n\n<p class=\"wp-block-paragraph\">Si el cifrado SSL o TLS est\u00e1 activado, los datos que nos transmita no podr\u00e1n ser le\u00eddos por terceros.<\/p>\n\n\n\n<h4 class=\"wp-block-heading\">Informaci\u00f3n, bloqueo, supresi\u00f3n<\/h4>\n\n\n\n<p class=\"wp-block-paragraph\">En el marco de las disposiciones legales aplicables, usted tiene derecho en todo momento a la libre informaci\u00f3n sobre sus datos personales almacenados, su origen y destinatario y la finalidad del tratamiento de datos y, en su caso, un derecho de rectificaci\u00f3n, bloqueo o supresi\u00f3n de estos datos. Puede ponerse en contacto con nosotros en cualquier momento en la direcci\u00f3n indicada en el pie de imprenta a tal efecto y para otras cuestiones sobre el tema de los datos personales. <\/p>\n\n\n\n<h3 class=\"wp-block-heading\">3. recogida de datos en nuestro sitio web<\/h3>\n\n\n\n<h4 class=\"wp-block-heading\">Cookies<\/h4>\n\n\n\n<p class=\"wp-block-paragraph\">Algunas p\u00e1ginas de esta web utilizan las llamadas \u00abcookies\u00bb. Las cookies no causan ning\u00fan da\u00f1o a tu ordenador y no contienen virus. Sirven para que nuestra web sea m\u00e1s f\u00e1cil de usar, m\u00e1s eficaz y m\u00e1s segura. Las cookies son peque\u00f1os archivos de texto que se almacenan en tu ordenador y que guarda tu navegador.   <\/p>\n\n\n\n<p class=\"wp-block-paragraph\">La mayor\u00eda de las cookies que usamos son las llamadas \u00abcookies de sesi\u00f3n\u00bb. Se borran autom\u00e1ticamente al terminar tu visita. Otras cookies se quedan guardadas en tu dispositivo hasta que las borres. Estas cookies nos permiten reconocer tu navegador la pr\u00f3xima vez que nos visites.   <\/p>\n\n\n\n<p class=\"wp-block-paragraph\">Puedes configurar tu navegador para que te avise cuando se instalen cookies y as\u00ed permitirlas solo en casos concretos, rechazar las cookies en determinados casos o de forma general, as\u00ed como activar la eliminaci\u00f3n autom\u00e1tica de las cookies al cerrar el navegador. Si desactivas las cookies, es posible que el funcionamiento de esta web se vea limitado. <\/p>\n\n\n\n<p class=\"wp-block-paragraph\">Las cookies que son necesarias para llevar a cabo el proceso de comunicaci\u00f3n electr\u00f3nica o para ofrecerte ciertas funciones que has solicitado (por ejemplo, la funci\u00f3n de carrito de la compra) se almacenan en virtud del art\u00edculo 6, apartado 1, letra f) del RGPD. El administrador de la web tiene un inter\u00e9s leg\u00edtimo en almacenar cookies para que sus servicios funcionen sin fallos t\u00e9cnicos y de forma optimizada. En la medida en que se almacenen otras cookies (por ejemplo, cookies para analizar tu comportamiento de navegaci\u00f3n), estas se tratan por separado en esta pol\u00edtica de privacidad.    <\/p>\n\n\n\n<h4 class=\"wp-block-heading\">Archivos de registro del servidor<\/h4>\n\n\n\n<p class=\"wp-block-paragraph\">El proveedor de estas p\u00e1ginas recopila y almacena autom\u00e1ticamente informaci\u00f3n en los llamados archivos de registro del servidor, que tu navegador nos env\u00eda autom\u00e1ticamente. Se trata de: <\/p>\n\n\n\n<ul class=\"wp-block-list\">\n<li>Tipo y versi\u00f3n de navegador<\/li>\n\n\n\n<li>Sistema operativo utilizado<\/li>\n\n\n\n<li>URL de referencia<\/li>\n\n\n\n<li>Nombre de host del ordenador de acceso<\/li>\n\n\n\n<li>Hora de la solicitud al servidor<\/li>\n\n\n\n<li>Direcci\u00f3n IP<\/li>\n<\/ul>\n\n\n\n<p class=\"wp-block-paragraph\">Estos datos no se fusionan con otras fuentes de datos.<\/p>\n\n\n\n<p class=\"wp-block-paragraph\">La base para el tratamiento de datos es el Art. 6 para. 1 lit. f DSGVO, que permite el tratamiento de datos para la ejecuci\u00f3n de un contrato o de medidas precontractuales.  <\/p>\n\n\n\n<h4 class=\"wp-block-heading\">Formulario de contacto<\/h4>\n\n\n\n<p class=\"wp-block-paragraph\">Si nos env\u00eda consultas a trav\u00e9s del formulario de contacto, sus datos del formulario de consulta, incluidos los datos de contacto que haya facilitado all\u00ed, ser\u00e1n almacenados por nosotros con el fin de procesar la consulta y en caso de consultas de seguimiento. No transmitimos estos datos sin su consentimiento. <\/p>\n\n\n\n<p class=\"wp-block-paragraph\">Por lo tanto, el tratamiento de los datos introducidos en el formulario de contacto se basa exclusivamente en su consentimiento (art. 6, apdo. 1 lit. a DSGVO). Puede revocar este consentimiento en cualquier momento. S\u00f3lo tiene que enviarnos un mensaje informal por correo electr\u00f3nico. La legalidad de las operaciones de tratamiento de datos realizadas hasta la revocaci\u00f3n no se ver\u00e1 afectada por \u00e9sta.   <\/p>\n\n\n\n<p class=\"wp-block-paragraph\">Los datos que nos facilites en el formulario de contacto se quedar\u00e1n con nosotros hasta que nos pidas que los borremos, revoques tu consentimiento para su almacenamiento o deje de existir la finalidad para la que se almacenaron (por ejemplo, una vez que hayamos resuelto tu consulta). Las disposiciones legales obligatorias \u2014en particular, los plazos de conservaci\u00f3n\u2014 no se ven afectadas. <\/p>\n\n\n\n<h4 class=\"wp-block-heading\">Inscripci\u00f3n en este sitio web<\/h4>\n\n\n\n<p class=\"wp-block-paragraph\">Puede registrarse en nuestro sitio web para utilizar funciones adicionales del mismo. Utilizamos los datos introducidos con este fin \u00fanicamente para utilizar la oferta o el servicio respectivo para el que se ha registrado. La informaci\u00f3n obligatoria solicitada durante la inscripci\u00f3n debe facilitarse en su totalidad. En caso contrario, denegaremos la inscripci\u00f3n.   <\/p>\n\n\n\n<p class=\"wp-block-paragraph\">Para cambios importantes, por ejemplo en el alcance de la oferta o en caso de cambios t\u00e9cnicamente necesarios, utilizamos la direcci\u00f3n de correo electr\u00f3nico proporcionada durante el registro para informarle de esta manera.<\/p>\n\n\n\n<p class=\"wp-block-paragraph\">El tratamiento de los datos introducidos durante el registro se basa en su consentimiento (Art. 6 p\u00e1rrafo 1 lit. a DSGVO). Puede revocar cualquier consentimiento que haya dado en cualquier momento. S\u00f3lo tiene que enviarnos un mensaje informal por correo electr\u00f3nico. La legalidad del tratamiento de datos ya realizado no se ver\u00e1 afectada por la revocaci\u00f3n.   <\/p>\n\n\n\n<p class=\"wp-block-paragraph\">Los datos que nos facilitas al registrarte los guardamos mientras sigas registrado en nuestra web y, despu\u00e9s, los borramos. Esto no afecta a los plazos de conservaci\u00f3n legales. <\/p>\n\n\n\n<h4 class=\"wp-block-heading\">Registro con Facebook Connect<\/h4>\n\n\n\n<p class=\"wp-block-paragraph\">En lugar de registrarte directamente en nuestro sitio web, puedes hacerlo a trav\u00e9s de Facebook Connect. El proveedor de este servicio es Facebook Ireland Limited, 4 Grand Canal Square, Dubl\u00edn 2, Irlanda. <\/p>\n\n\n\n<p class=\"wp-block-paragraph\">Si decides registrarte con Facebook Connect y haces clic en el bot\u00f3n \u00abIniciar sesi\u00f3n con Facebook\u00bb \/ \u00abConectarse con Facebook\u00bb, se te redirigir\u00e1 autom\u00e1ticamente a la plataforma de Facebook. All\u00ed podr\u00e1s iniciar sesi\u00f3n con tus datos de usuario. De este modo, tu perfil de Facebook se vincular\u00e1 a nuestra web o a nuestros servicios. Gracias a esta vinculaci\u00f3n, tendremos acceso a los datos que tienes almacenados en Facebook. Estos son, principalmente:    <\/p>\n\n\n\n<ul class=\"wp-block-list\">\n<li>Nombre en Facebook<\/li>\n\n\n\n<li>Perfil de Facebook y foto de portada<\/li>\n\n\n\n<li>Portada de Facebook<\/li>\n\n\n\n<li>Direcci\u00f3n de correo electr\u00f3nico almacenada en Facebook<\/li>\n\n\n\n<li>Facebook ID<\/li>\n\n\n\n<li>Listas de amigos de Facebook<\/li>\n\n\n\n<li>\u00abMe gusta\u00bb de Facebook<\/li>\n\n\n\n<li>Cumplea\u00f1os<\/li>\n\n\n\n<li>G\u00e9nero<\/li>\n\n\n\n<li>Pa\u00eds<\/li>\n\n\n\n<li>Idioma<\/li>\n<\/ul>\n\n\n\n<p class=\"wp-block-paragraph\">Estos datos se utilizan para configurar, proporcionar y personalizar su cuenta.<\/p>\n\n\n\n<p class=\"wp-block-paragraph\">Para obtener m\u00e1s informaci\u00f3n, consulta las Condiciones de uso de Facebook y la Pol\u00edtica de privacidad de Facebook. Pueden consultarse en: <a href=\"https:\/\/de-de.facebook.com\/about\/privacy\/\" target=\"_blank\" rel=\"noreferrer noopener\">https:\/\/de-de.facebook.com\/about\/privacy\/<\/a> y <a href=\"https:\/\/www.facebook.com\/legal\/terms\/\" target=\"_blank\" rel=\"noreferrer noopener\">https:\/\/www.facebook.com\/legal\/terms\/.<\/a> <\/p>\n\n\n\n<h4 class=\"wp-block-heading\">Transmisi\u00f3n de datos al celebrar un contrato para tiendas en l\u00ednea, comerciantes y env\u00edo de mercanc\u00edas<\/h4>\n\n\n\n<p class=\"wp-block-paragraph\">S\u00f3lo transmitimos datos personales a terceros si es necesario en el marco de la tramitaci\u00f3n del contrato, por ejemplo a las empresas encargadas de la entrega de la mercanc\u00eda o a la entidad de cr\u00e9dito encargada de la tramitaci\u00f3n del pago. La transmisi\u00f3n ulterior de los datos no tiene lugar o s\u00f3lo tiene lugar si usted ha dado su consentimiento expreso a la transmisi\u00f3n. Sus datos no se transmitir\u00e1n a terceros sin su consentimiento expreso, por ejemplo con fines publicitarios.  <\/p>\n\n\n\n<p class=\"wp-block-paragraph\">La base para el tratamiento de datos es el Art. 6 para. 1 lit. b DSGVO, que permite el tratamiento de datos para la ejecuci\u00f3n de un contrato o de medidas precontractuales.  <\/p>\n<\/div>\n\n\n\n<div>\n<h3 class=\"wp-block-heading\">4. redes sociales<\/h3>\n\n\n\n<h4 class=\"wp-block-heading\">Complementos de Facebook (botones \u00abMe gusta\u00bb y \u00abCompartir\u00bb)<\/h4>\n\n\n\n<p class=\"wp-block-paragraph\">En nuestras p\u00e1ginas hay plugins de la red social Facebook, propiedad de Facebook Inc., 1 Hacker Way, Menlo Park, California 94025, EE. UU. Los plugins de Facebook los reconocer\u00e1s por el logotipo de Facebook o por el bot\u00f3n \u00abMe gusta\u00bb que aparece en nuestra p\u00e1gina. Aqu\u00ed puedes ver un resumen de los complementos de Facebook: <a href=\"https:\/\/developers.facebook.com\/docs\/plugins\/\" target=\"_blank\" rel=\"noreferrer noopener\">https:\/\/developers.facebook.com\/docs\/plugins\/<\/a>.<\/p>\n\n\n\n<p class=\"wp-block-paragraph\">Cuando visitas nuestras p\u00e1ginas, el plugin establece una conexi\u00f3n directa entre tu navegador y el servidor de Facebook. De este modo, Facebook recibe la informaci\u00f3n de que has visitado nuestra p\u00e1gina con tu direcci\u00f3n IP. Si haces clic en el bot\u00f3n \u00abMe gusta\u00bb de Facebook mientras est\u00e1s conectado a tu cuenta de Facebook, puedes compartir el contenido de nuestras p\u00e1ginas en tu perfil de Facebook. As\u00ed, Facebook puede asociar la visita a nuestras p\u00e1ginas a tu cuenta de usuario. Te recordamos que, como proveedores de estas p\u00e1ginas, no tenemos conocimiento del contenido de los datos transmitidos ni del uso que Facebook haga de ellos. Encontrar\u00e1s m\u00e1s informaci\u00f3n al respecto en la pol\u00edtica de privacidad de Facebook en: <a href=\"https:\/\/de-de.facebook.com\/policy.php\" target=\"_blank\" rel=\"noreferrer noopener\">https:\/\/de-de.facebook.com\/policy.php<\/a>.     <\/p>\n\n\n\n<p class=\"wp-block-paragraph\">Si no quieres que Facebook pueda asignar tu visita a nuestras p\u00e1ginas a tu cuenta de usuario de Facebook, cierra la sesi\u00f3n de tu cuenta de usuario de Facebook.<\/p>\n\n\n\n<h4 class=\"wp-block-heading\">Complemento de Twitter<\/h4>\n\n\n\n<p class=\"wp-block-paragraph\">En nuestras p\u00e1ginas hay funciones integradas del servicio Twitter. Estas funciones las ofrece Twitter Inc., 1355 Market Street, Suite 900, San Francisco, CA 94103, EE. UU. Al usar Twitter y la funci\u00f3n \u00abRetuit\u00bb, las p\u00e1ginas web que visites se vinculan a tu cuenta de Twitter y se dan a conocer a otros usuarios. Al hacerlo, tambi\u00e9n se transmiten datos a Twitter. Te recordamos que, como proveedores de estas p\u00e1ginas, no tenemos conocimiento del contenido de los datos transmitidos ni del uso que Twitter hace de ellos. Encontrar\u00e1s m\u00e1s informaci\u00f3n al respecto en la pol\u00edtica de privacidad de Twitter en: <a href=\"https:\/\/twitter.com\/privacy\" target=\"_blank\" rel=\"noreferrer noopener\">https:\/\/twitter.com\/privacy<\/a>.<\/p>\n\n\n\n<p class=\"wp-block-paragraph\">Puedes cambiar la configuraci\u00f3n de privacidad de Twitter en la configuraci\u00f3n de tu cuenta en <a href=\"https:\/\/twitter.com\/account\/settings\" target=\"_blank\" rel=\"noreferrer noopener\">https:\/\/twitter.com\/account\/settings.<\/a> <\/p>\n\n\n\n<h4 class=\"wp-block-heading\">Complemento de Google+<\/h4>\n\n\n\n<p class=\"wp-block-paragraph\">Nuestras p\u00e1ginas usan funciones de Google+. El proveedor es Google Ireland Limited, Gordon House, Barrow Street, Dubl\u00edn 4, Irlanda. <\/p>\n\n\n\n<p class=\"wp-block-paragraph\">Recopilar y compartir informaci\u00f3n: Puedes utilizar el bot\u00f3n de Google+ para publicar informaci\u00f3n en todo el mundo. A trav\u00e9s del bot\u00f3n de Google+, usted y otros usuarios reciben contenidos personalizados de Google y nuestros socios. Google almacena tanto la informaci\u00f3n de que has dado +1 a un contenido como la informaci\u00f3n sobre la p\u00e1gina que has visto al hacer clic en +1. Sus +1 pueden mostrarse como notificaciones junto con su nombre de perfil y su foto en los servicios de Google, como los resultados de b\u00fasqueda o su perfil de Google, o en otros sitios web y anuncios de Internet.   <\/p>\n\n\n\n<p class=\"wp-block-paragraph\">Google registra informaci\u00f3n sobre tus actividades +1 con el fin de mejorar los servicios de Google para ti y para otros usuarios. Para utilizar el bot\u00f3n de Google+, es necesario tener un perfil de Google p\u00fablico y visible en todo el mundo, que debe contener al menos el nombre elegido para el perfil. Este nombre se utiliza en todos los servicios de Google. En algunos casos, este nombre tambi\u00e9n puede sustituir a otro nombre que haya utilizado al compartir contenido a trav\u00e9s de su cuenta de Google. La identidad de su perfil de Google puede mostrarse a usuarios que conozcan su direcci\u00f3n de correo electr\u00f3nico o dispongan de otra informaci\u00f3n que le identifique.    <\/p>\n\n\n\n<p class=\"wp-block-paragraph\">Uso de la informaci\u00f3n recopilada: Adem\u00e1s de los usos explicados anteriormente, la informaci\u00f3n que proporcione se utilizar\u00e1 de acuerdo con la Pol\u00edtica de privacidad de Google aplicable. Google puede publicar estad\u00edsticas agregadas sobre las actividades +1 de los usuarios o compartirlas con usuarios y socios, como editores, anunciantes o sitios web afiliados. <\/p>\n\n\n\n<h4 class=\"wp-block-heading\">Complemento de Instagram<\/h4>\n\n\n\n<p class=\"wp-block-paragraph\">En nuestras p\u00e1ginas hay funciones integradas del servicio Instagram. Estas funciones las ofrece Instagram Inc., 1601 Willow Road, Menlo Park, CA 94025, EE. UU.<\/p>\n\n\n\n<p class=\"wp-block-paragraph\">Si ha iniciado sesi\u00f3n en su cuenta de Instagram, puede vincular el contenido de nuestras p\u00e1ginas a su perfil de Instagram haciendo clic en el bot\u00f3n Instagram. Esto permite a Instagram asociar la visita a nuestras p\u00e1ginas con su cuenta de usuario. Nos gustar\u00eda se\u00f1alar que nosotros, como proveedores de las p\u00e1ginas, no tenemos conocimiento del contenido de los datos transmitidos ni de su uso por parte de Instagram.  <\/p>\n\n\n\n<p class=\"wp-block-paragraph\">Para m\u00e1s informaci\u00f3n, consulta la pol\u00edtica de privacidad de Instagram: <a href=\"https:\/\/instagram.com\/about\/legal\/privacy\/\" target=\"_blank\" rel=\"noreferrer noopener\">https:\/\/instagram.com\/about\/legal\/privacy\/.<\/a><\/p>\n\n\n\n<h4 class=\"wp-block-heading\">Complemento de Tumblr<\/h4>\n\n\n\n<p class=\"wp-block-paragraph\">Nuestras p\u00e1ginas utilizan botones del servicio Tumblr. El proveedor es Tumblr, Inc, 35 East 21st St, 10th Floor, New York, NY 10010, USA.<\/p>\n\n\n\n<p class=\"wp-block-paragraph\">Estos botones permiten compartir una publicaci\u00f3n o p\u00e1gina en Tumblr o seguir al proveedor en Tumblr. Cuando visita uno de nuestros sitios web con un bot\u00f3n de Tumblr, el navegador establece una conexi\u00f3n directa con los servidores de Tumblr. No tenemos ninguna influencia sobre el alcance de los datos que Tumblr recopila y transmite con la ayuda de este plugin. Seg\u00fan el estado actual, se transmiten la direcci\u00f3n IP del usuario y la URL del sitio web correspondiente.   <\/p>\n\n\n\n<p class=\"wp-block-paragraph\">Encontrar\u00e1 m\u00e1s informaci\u00f3n al respecto en la pol\u00edtica de privacidad de Tumblr en: <a href=\"https:\/\/www.tumblr.com\/policy\/de\/privacy\" target=\"_blank\" rel=\"noreferrer noopener\">https:\/\/www.tumblr.com\/policy\/de\/privacy.<\/a><\/p>\n\n\n\n<h4 class=\"wp-block-heading\">Complemento de LinkedIn<\/h4>\n\n\n\n<p class=\"wp-block-paragraph\">Nuestro sitio web utiliza funciones de la red LinkedIn. El proveedor es LinkedIn Corporation, 2029 Stierlin Court, Mountain View, CA 94043, USA. <\/p>\n\n\n\n<p class=\"wp-block-paragraph\">Cada vez que accedes a una de nuestras p\u00e1ginas que incluye funciones de LinkedIn, se establece una conexi\u00f3n con los servidores de LinkedIn. LinkedIn recibe la informaci\u00f3n de que has visitado nuestras p\u00e1ginas web con tu direcci\u00f3n IP. Si haces clic en el bot\u00f3n \u00abRecomendar\u00bb de LinkedIn y has iniciado sesi\u00f3n en tu cuenta de LinkedIn, LinkedIn puede asociar tu visita a nuestra p\u00e1gina web contigo y con tu cuenta de usuario. Te recordamos que, como proveedores de estas p\u00e1ginas, no tenemos conocimiento del contenido de los datos transmitidos ni del uso que LinkedIn haga de ellos.   <\/p>\n\n\n\n<p class=\"wp-block-paragraph\">Para m\u00e1s informaci\u00f3n, consulta la pol\u00edtica de privacidad de LinkedIn en: <a href=\"https:\/\/www.linkedin.com\/legal\/privacy-policy\" target=\"_blank\" rel=\"noreferrer noopener\">https:\/\/www.linkedin.com\/legal\/privacy-policy.<\/a><\/p>\n\n\n\n<h4 class=\"wp-block-heading\">Complemento de XING<\/h4>\n\n\n\n<p class=\"wp-block-paragraph\">Nuestro sitio web utiliza funciones de la red XING. El proveedor es XING AG, Dammtorstra\u00dfe 29-32, 20354 Hamburgo, Alemania. <\/p>\n\n\n\n<p class=\"wp-block-paragraph\">Cada vez que se accede a una de nuestras p\u00e1ginas que contiene funciones de XING, se establece una conexi\u00f3n con los servidores de XING. Por lo que sabemos, no se almacena ning\u00fan dato personal en el proceso. En particular, no se almacenan direcciones IP ni se eval\u00faa el comportamiento de uso.  <\/p>\n\n\n\n<p class=\"wp-block-paragraph\">Encontrar\u00e1s m\u00e1s informaci\u00f3n sobre la protecci\u00f3n de datos y el bot\u00f3n \u00abCompartir\u00bb de XING en la pol\u00edtica de privacidad de XING en: <a href=\"https:\/\/www.xing.com\/app\/share?op=data_protection\" target=\"_blank\" rel=\"noreferrer noopener\">https:\/\/www.xing.com\/app\/share?op=data_protection<\/a>.<\/p>\n\n\n\n<h4 class=\"wp-block-heading\">Complemento de Pinterest<\/h4>\n\n\n\n<p class=\"wp-block-paragraph\">En nuestra p\u00e1gina usamos complementos sociales de la red social Pinterest, gestionada por Pinterest Inc., 808 Brannan Street, San Francisco, CA 94103-490, EE. UU. (\u00abPinterest\u00bb).<\/p>\n\n\n\n<p class=\"wp-block-paragraph\">Cuando accede a una p\u00e1gina que contiene un plugin de este tipo, su navegador establece una conexi\u00f3n directa con los servidores de Pinterest. El plugin transmite los datos de registro al servidor de Pinterest en Estados Unidos. Estos datos de registro pueden incluir su direcci\u00f3n IP, la direcci\u00f3n de los sitios web visitados que tambi\u00e9n contienen funciones de Pinterest, el tipo y la configuraci\u00f3n del navegador, la fecha y hora de la solicitud, c\u00f3mo utiliza Pinterest y las cookies.  <\/p>\n\n\n\n<p class=\"wp-block-paragraph\">Encontrar\u00e1s m\u00e1s informaci\u00f3n sobre la finalidad, el alcance y el tratamiento y uso posteriores de los datos por parte de Pinterest, as\u00ed como sobre tus derechos al respecto y las opciones para proteger tu privacidad, en la pol\u00edtica de privacidad de Pinterest: <a href=\"https:\/\/policy.pinterest.com\/de\/privacy-policy\">https:\/\/policy.pinterest.com\/de\/privacy-policy<\/a>.<\/p>\n\n\n\n<h3 class=\"wp-block-heading\">5. Herramientas de an\u00e1lisis y publicidad<\/h3>\n\n\n\n<h4 class=\"wp-block-heading\">Google Analytics<\/h4>\n\n\n\n<p class=\"wp-block-paragraph\">Esta p\u00e1gina web utiliza funciones del servicio de an\u00e1lisis web Google Analytics. El proveedor es Google Ireland Limited, Gordon House, Barrow Street, Dubl\u00edn 4, Irlanda. <\/p>\n\n\n\n<p class=\"wp-block-paragraph\">Google Analytics utiliza las llamadas \u00abcookies\u00bb. Se trata de archivos de texto que se guardan en tu ordenador y que permiten analizar c\u00f3mo utilizas la web. La informaci\u00f3n generada por la cookie sobre tu uso de esta web se suele enviar a un servidor de Google en EE. UU. y se almacena all\u00ed.  <\/p>\n\n\n\n<p class=\"wp-block-paragraph\">Las cookies de Google Analytics se almacenan sobre la base del Art. 6 para. 1 lit. f GDPR. El operador del sitio web tiene un inter\u00e9s leg\u00edtimo en analizar el comportamiento de los usuarios para optimizar tanto su sitio web como su publicidad.   <\/p>\n\n\n\n<p class=\"wp-block-paragraph\"><strong>Anonimizaci\u00f3n de direcciones IP<\/strong><\/p>\n\n\n\n<p class=\"wp-block-paragraph\">Hemos activado la funci\u00f3n de anonimizaci\u00f3n de IP en este sitio web. Esto significa que su direcci\u00f3n IP ser\u00e1 acortada por Google dentro de los estados miembros de la Uni\u00f3n Europea o en otros estados contratantes del Acuerdo sobre el Espacio Econ\u00f3mico Europeo antes de ser transmitida a los Estados Unidos. S\u00f3lo en casos excepcionales se transmitir\u00e1 la direcci\u00f3n IP completa a un servidor de Google en EE.UU. y se acortar\u00e1 all\u00ed. En nombre del operador de este sitio web, Google usar\u00e1 esta informaci\u00f3n con el prop\u00f3sito de evaluar su uso del sitio web, recopilando informes de la actividad del sitio web y prestando otros servicios relacionados con la actividad del sitio web y el uso de Internet al operador del sitio web. La direcci\u00f3n IP transmitida por su navegador como parte de Google Analytics no se fusionar\u00e1 con otros datos de Google.    <\/p>\n\n\n\n<p class=\"wp-block-paragraph\"><strong>Complemento del navegador<\/strong><\/p>\n\n\n\n<p class=\"wp-block-paragraph\">Puede rechazar el uso de cookies seleccionando la configuraci\u00f3n apropiada en su navegador, pero tenga en cuenta que si lo hace es posible que no pueda utilizar todas las funciones de este sitio web. Tambi\u00e9n puede evitar la recopilaci\u00f3n de los datos generados por la cookie y relacionados con su uso del sitio web (incluida su direcci\u00f3n IP) por parte de Google y el tratamiento de estos datos por parte de Google descargando e instalando el complemento del navegador disponible en el siguiente enlace: <a href=\"https:\/\/tools.google.com\/dlpage\/gaoptout?hl=de\" target=\"_blank\" rel=\"noreferrer noopener\">https:\/\/tools.google.com\/dlpage\/gaoptout?hl=de.<\/a> <\/p>\n\n\n\n<p class=\"wp-block-paragraph\"><strong>Objeci\u00f3n a la recogida de datos<\/strong><\/p>\n\n\n\n<p class=\"wp-block-paragraph\">Puedes impedir que Google Analytics recopile tus datos haciendo clic en el siguiente enlace. Se instalar\u00e1 una cookie de exclusi\u00f3n que impedir\u00e1 que se recopilen tus datos en futuras visitas a esta web: <a href=\"javascript:gaOptout()\">Desactivar Google Analytics<\/a>. <\/p>\n\n\n\n<p class=\"wp-block-paragraph\">Puede encontrar m\u00e1s informaci\u00f3n sobre c\u00f3mo Google Analytics trata los datos de los usuarios en la pol\u00edtica de privacidad de Google: <a href=\"https:\/\/support.google.com\/analytics\/answer\/6004245?hl=de\" target=\"_blank\" rel=\"noreferrer noopener\">https:\/\/support.google.com\/analytics\/answer\/6004245?hl=de.<\/a><\/p>\n\n\n\n<p class=\"wp-block-paragraph\"><strong>Tratamiento de datos de pedidos<\/strong><\/p>\n\n\n\n<p class=\"wp-block-paragraph\">Hemos suscrito un contrato de procesamiento de datos de pedidos con Google y aplicamos plenamente los estrictos requisitos de las autoridades alemanas de protecci\u00f3n de datos cuando utilizamos Google Analytics.<\/p>\n\n\n\n<p class=\"wp-block-paragraph\"><strong>Caracter\u00edsticas demogr\u00e1ficas en Google Analytics<\/strong><\/p>\n\n\n\n<p class=\"wp-block-paragraph\">Esta web usa la funci\u00f3n \u00abcaracter\u00edsticas demogr\u00e1ficas\u00bb de Google Analytics. Esto permite crear informes que incluyen informaci\u00f3n sobre la edad, el sexo y los intereses de quienes visitan la p\u00e1gina. Estos datos provienen de la publicidad basada en intereses de Google, as\u00ed como de datos de visitantes de terceros. Estos datos no se pueden asociar a ninguna persona concreta. Puedes desactivar esta funci\u00f3n en cualquier momento a trav\u00e9s de la configuraci\u00f3n de anuncios de tu cuenta de Google o impedir de forma general que Google Analytics recopile tus datos, tal y como se explica en el apartado \u00abOposici\u00f3n a la recopilaci\u00f3n de datos\u00bb.    <\/p>\n\n\n\n<h4 class=\"wp-block-heading\">Google Ads<\/h4>\n\n\n\n<p class=\"wp-block-paragraph\">El administrador de la web usa Google Ads. Google Ads es un programa de publicidad online de Google Ireland Limited (\u00abGoogle\u00bb), con sede en Gordon House, Barrow Street, Dubl\u00edn 4, Irlanda. <\/p>\n\n\n\n<p class=\"wp-block-paragraph\">Google Ads te permite mostrar anuncios en el buscador de Google o en p\u00e1ginas web de terceros cuando el usuario introduce o ha introducido determinados t\u00e9rminos de b\u00fasqueda en Google (segmentaci\u00f3n por palabras clave). Adem\u00e1s, se pueden mostrar anuncios personalizados bas\u00e1ndose en los datos de los usuarios que tiene Google (por ejemplo, datos de ubicaci\u00f3n e intereses) (segmentaci\u00f3n por p\u00fablico objetivo). Como administradores de la web, podemos evaluar estos datos de forma cuantitativa, por ejemplo, analizando qu\u00e9 t\u00e9rminos de b\u00fasqueda han dado lugar a la publicaci\u00f3n de nuestros anuncios y cu\u00e1les y cu\u00e1ntos anuncios han generado los clics correspondientes.  <\/p>\n\n\n\n<p class=\"wp-block-paragraph\">El uso de este servicio se basa en tu consentimiento, de acuerdo con el art\u00edculo 6, apartado 1, letra a) del RGPD y el art\u00edculo 25, apartado 1 de la TDDDG. Puedes retirar tu consentimiento en cualquier momento.    <\/p>\n\n\n\n<p class=\"wp-block-paragraph\">La transferencia de datos a EE. UU. se basa en las cl\u00e1usulas contractuales tipo de la Comisi\u00f3n Europea. Aqu\u00ed tienes m\u00e1s detalles: <a href=\" https:\/\/policies.google.com\/privacy\/frameworks y https:\/\/privacy.google.com\/businesses\/controllerterms\/mccs\/\"> <\/a><a href=\"https:\/\/policies.google.com\/privacy\/frameworks\" target=\"_blank\" rel=\"noreferrer noopener\">https:\/\/policies.google.com\/privacy\/frameworks<\/a> y <a href=\"https:\/\/privacy.google.com\/businesses\/controllerterms\/mccs\/\" target=\"_blank\" rel=\"noreferrer noopener\">https:\/\/privacy.google.com\/businesses\/controllerterms\/mccs\/<\/a>.<\/p>\n\n\n\n<p class=\"wp-block-paragraph\"><strong>Remarketing de Google Ads<\/strong><\/p>\n\n\n\n<p class=\"wp-block-paragraph\">El administrador de la web usa las funciones de remarketing de Google Ads. El proveedor es Google Ireland Limited (\u00abGoogle\u00bb), Gordon House, Barrow Street, Dubl\u00edn 4, Irlanda. <\/p>\n\n\n\n<p class=\"wp-block-paragraph\">Con el remarketing de Google Ads podemos clasificar a las personas que usan nuestra oferta online o interact\u00faan con ella en grupos objetivo espec\u00edficos para, posteriormente, mostrarles anuncios basados en sus intereses en la red publicitaria de Google (remarketing o retargeting).<\/p>\n\n\n\n<p class=\"wp-block-paragraph\">Adem\u00e1s, los grupos de p\u00fablico creados con el remarketing de Google Ads se pueden vincular a las funciones multidispositivo de Google. De esta forma, los mensajes publicitarios personalizados y basados en tus intereses, que se han adaptado a ti en funci\u00f3n de tu comportamiento de uso y navegaci\u00f3n anterior en un dispositivo (por ejemplo, un ordenador), tambi\u00e9n pueden mostrarse en otro de tus dispositivos (por ejemplo, un m\u00f3vil o una tableta). <\/p>\n\n\n\n<p class=\"wp-block-paragraph\">Si tienes una cuenta de Google, puedes desactivar este tipo de publicidad personalizada en el siguiente enlace: <a href=\"https:\/\/www.google.com\/settings\/ads\/onweb\/\" target=\"_blank\" rel=\"noreferrer noopener\">https:\/\/www.google.com\/settings\/ads\/onweb\/<\/a>.<\/p>\n\n\n\n<p class=\"wp-block-paragraph\">El uso de este servicio se basa en tu consentimiento, de acuerdo con el art\u00edculo 6, apartado 1, letra a) del RGPD y el art\u00edculo 25, apartado 1 de la TDDDG. Puedes retirar tu consentimiento en cualquier momento.    <\/p>\n\n\n\n<p class=\"wp-block-paragraph\">Encontrar\u00e1s m\u00e1s informaci\u00f3n y la pol\u00edtica de privacidad en la declaraci\u00f3n de privacidad de Google en: <a href=\"https:\/\/policies.google.com\/technologies\/ads?hl=de\" target=\"_blank\" rel=\"noreferrer noopener\">https:\/\/policies.google.com\/technologies\/ads?hl=de<\/a>.<\/p>\n\n\n\n<p class=\"wp-block-paragraph\"><strong>Seguimiento de conversiones de Google<\/strong><\/p>\n\n\n\n<p class=\"wp-block-paragraph\">Esta web usa el seguimiento de conversiones de Google. El proveedor es Google Ireland Limited (\u00abGoogle\u00bb), Gordon House, Barrow Street, Dubl\u00edn 4, Irlanda. <\/p>\n\n\n\n<p class=\"wp-block-paragraph\">Gracias al seguimiento de conversiones de Google, tanto Google como nosotros podemos saber si el usuario ha realizado determinadas acciones y c\u00f3mo ha utilizado nuestra web. As\u00ed, por ejemplo, podemos analizar en qu\u00e9 botones de nuestra web se ha hecho clic y con qu\u00e9 frecuencia, y qu\u00e9 productos se han consultado o comprado con mayor frecuencia. Esta informaci\u00f3n sirve para elaborar estad\u00edsticas. Nos permite conocer el n\u00famero total de usuarios que han hecho clic en nuestros anuncios y qu\u00e9 acciones han realizado. No recibimos ninguna informaci\u00f3n que nos permita identificar personalmente al usuario. Es Google quien utiliza cookies o tecnolog\u00edas de reconocimiento similares para la identificaci\u00f3n.     <\/p>\n\n\n\n<p class=\"wp-block-paragraph\">El uso de este servicio se basa en tu consentimiento, de acuerdo con el art\u00edculo 6, apartado 1, letra a) del RGPD y el art\u00edculo 25, apartado 1 de la TDDDG. Puedes retirar tu consentimiento en cualquier momento.    <\/p>\n\n\n\n<p class=\"wp-block-paragraph\">Puedes encontrar m\u00e1s informaci\u00f3n sobre el seguimiento de conversiones de Google en la pol\u00edtica de privacidad de Google: <a href=\"https:\/\/policies.google.com\/privacy?hl=de\" target=\"_blank\" rel=\"noreferrer noopener\">https:\/\/policies.google.com\/privacy?hl=de<\/a>.<\/p>\n\n\n\n<h4 class=\"wp-block-heading\">Matomo<\/h4>\n\n\n\n<p class=\"wp-block-paragraph\">1. Alcance del tratamiento de datos<br\/>En nuestra web usamos la herramienta de c\u00f3digo abierto Matomo para analizar el comportamiento de navegaci\u00f3n de nuestros usuarios. Cuando se acceden a p\u00e1ginas concretas de nuestra web, se guardan los siguientes datos: <\/p>\n\n\n\n<ul class=\"wp-block-list\">\n<li>3 bytes de la direcci\u00f3n IP del sistema desde el que te conectas<\/li>\n\n\n\n<li>la p\u00e1gina web a la que has accedido<\/li>\n\n\n\n<li>la p\u00e1gina web desde la que el usuario ha llegado a la p\u00e1gina que est\u00e1 viendo (referente)<\/li>\n\n\n\n<li>las subp\u00e1ginas a las que se accede desde la p\u00e1gina web que acabas de abrir<\/li>\n\n\n\n<li>el tiempo que pasas en la web<\/li>\n\n\n\n<li>la frecuencia con la que se visita la p\u00e1gina web<\/li>\n\n\n\n<li>El software se ejecuta exclusivamente en los servidores de nuestra p\u00e1gina web. Estos datos solo se almacenan all\u00ed. No se ceden los datos a terceros. El software est\u00e1 configurado de tal manera que las direcciones IP no se guardan completas, sino que se oculta el \u00faltimo byte de la direcci\u00f3n IP (ej.: 192.168.100.xxx). De esta forma, ya no es posible relacionar la direcci\u00f3n IP truncada con el ordenador desde el que se realiza la visita.    <\/li>\n<\/ul>\n\n\n\n<p class=\"wp-block-paragraph\">2. Fundamento jur\u00eddico<br\/>El fundamento jur\u00eddico para el tratamiento de los datos personales de los usuarios es el art\u00edculo 6, apartado 1, letra f) del RGPD.  <\/p>\n\n\n\n<p class=\"wp-block-paragraph\">3. Finalidad del tratamiento de datos<br\/>El tratamiento de estos datos personales nos permite analizar el comportamiento de navegaci\u00f3n de nuestros usuarios. Al evaluar los datos obtenidos, podemos recopilar informaci\u00f3n sobre el uso de cada uno de los componentes de nuestra web. Esto nos ayuda a mejorar constantemente nuestra web y su facilidad de uso. En estos fines radica tambi\u00e9n nuestro inter\u00e9s leg\u00edtimo en el tratamiento de los datos, seg\u00fan el art. 6, apartado 1, letra f) del RGPD. Al anonimizar la direcci\u00f3n IP, se tiene debidamente en cuenta el inter\u00e9s de los usuarios en la protecci\u00f3n de sus datos personales.      <\/p>\n\n\n\n<p class=\"wp-block-paragraph\">4. Posibilidad de exclusi\u00f3n y eliminaci\u00f3n<br\/>En nuestra web te ofrecemos la posibilidad de excluirte del proceso de an\u00e1lisis. Para ello, tienes que seguir el enlace correspondiente. De esta forma, se instalar\u00e1 una cookie en tu dispositivo que le indicar\u00e1 a nuestro sistema que no guarde los datos del usuario. Si, entretanto, borras esa cookie de tu dispositivo, tendr\u00e1s que volver a instalarla.   <\/p>\n\n\n\n<p class=\"wp-block-paragraph\">Tienes la opci\u00f3n de impedir que se analicen y relacionen las acciones que realices aqu\u00ed. Esto proteger\u00e1 tu privacidad, pero tambi\u00e9n impedir\u00e1 que el propietario aprenda de tus acciones y mejore la usabilidad tanto para ti como para el resto de usuarios. <strong>  Tu visita a esta p\u00e1gina web est\u00e1 siendo registrada actualmente por la herramienta de an\u00e1lisis web Matomo. Desmarca esta casilla si quieres darte de baja. <\/strong><\/p>\n\n\n\n<h4 class=\"wp-block-heading\">Leadinfo<\/h4>\n\n\n\n<p class=\"wp-block-paragraph\">Esta web usa el servicio de generaci\u00f3n de clientes potenciales de Leadinfo B.V., de R\u00f3terdam (Pa\u00edses Bajos). Este servicio detecta las visitas de empresas a nuestra web a trav\u00e9s de las direcciones IP y nos muestra informaci\u00f3n disponible p\u00fablicamente, como el nombre de la empresa o la direcci\u00f3n. Adem\u00e1s, Leadinfo utiliza dos cookies propias para analizar el comportamiento de los usuarios en nuestra web y procesa los dominios introducidos en los formularios para relacionar las direcciones IP con las empresas y mejorar los servicios. Encontrar\u00e1s m\u00e1s informaci\u00f3n en www.leadinfo.com. En esta p\u00e1gina: <a href=\"https:\/\/www.leadinfo.com\/en\/opt-out\" target=\"_blank\" rel=\"noreferrer noopener\">www.leadinfo.com\/en\/opt-out<\/a> tienes la opci\u00f3n de darte de baja. Si te das de baja, Leadinfo dejar\u00e1 de recopilar tus datos.     <\/p>\n\n\n\n<h4 class=\"wp-block-heading\">Microsoft Clarity<\/h4>\n\n\n\n<p class=\"wp-block-paragraph\">Colaboramos con Microsoft Clarity y Microsoft Advertising para analizar c\u00f3mo usas e interact\u00faas con nuestra web, mediante m\u00e9tricas de comportamiento, mapas de calor y reproducciones de sesiones, con el fin de mejorar y promocionar nuestros productos y servicios. Los datos de uso del sitio web se recopilan mediante cookies propias y de terceros, as\u00ed como otras tecnolog\u00edas de seguimiento, para determinar la popularidad de los productos y servicios, y las actividades en l\u00ednea. Adem\u00e1s, usamos esta informaci\u00f3n para optimizar el sitio web, con fines de prevenci\u00f3n del fraude y de seguridad, y para fines publicitarios. Para m\u00e1s informaci\u00f3n sobre c\u00f3mo Microsoft recopila y utiliza tus datos, consulta la Pol\u00edtica de privacidad de Microsoft: <a href=\"https:\/\/privacy.microsoft.com\/de-DE\/privacystatement\" target=\"_blank\" rel=\"noreferrer noopener\">https:\/\/privacy.microsoft.com\/de-DE\/privacystatement<\/a>   <\/p>\n\n\n\n<h3 class=\"wp-block-heading\">6. plugins y herramientas<\/h3>\n\n\n\n<h4 class=\"wp-block-heading\">YouTube<\/h4>\n\n\n\n<p class=\"wp-block-paragraph\">Nuestro sitio web utiliza plugins del sitio YouTube operado por Google. El operador de las p\u00e1ginas es YouTube, LLC, 901 Cherry Ave, San Bruno, CA 94066, USA.<\/p>\n\n\n\n<p class=\"wp-block-paragraph\">Cuando visita una de nuestras p\u00e1ginas equipada con un plugin de YouTube, se establece una conexi\u00f3n con los servidores de YouTube. Indica al servidor de YouTube cu\u00e1les de nuestras p\u00e1ginas ha visitado. <\/p>\n\n\n\n<p class=\"wp-block-paragraph\">Si ha iniciado sesi\u00f3n en su cuenta de YouTube, permite que YouTube asocie su comportamiento de navegaci\u00f3n directamente con su perfil personal. Puedes evitarlo cerrando la sesi\u00f3n de tu cuenta de YouTube. <\/p>\n\n\n\n<p class=\"wp-block-paragraph\">YouTube se utiliza en inter\u00e9s de una presentaci\u00f3n atractiva de nuestras ofertas en l\u00ednea. Esto constituye un inter\u00e9s leg\u00edtimo en el sentido del Art. 6 para. 1 lit. f GDPR.   <\/p>\n\n\n\n<p class=\"wp-block-paragraph\">Encontrar\u00e1 m\u00e1s informaci\u00f3n sobre el tratamiento de los datos de los usuarios en la pol\u00edtica de privacidad de YouTube en: <a href=\"https:\/\/www.google.de\/intl\/de\/policies\/privacy\" target=\"_blank\" rel=\"noreferrer noopener\">https:\/\/www.google.de\/intl\/de\/policies\/privacy.<\/a><\/p>\n<\/div>\n<\/div>\n<\/div>\n<\/div>\n<\/section>","protected":false},"excerpt":{"rendered":"<p>1. la protecci\u00f3n de datos de un vistazo Notas generales Las siguientes notas ofrecen una visi\u00f3n sencilla de lo que ocurre con sus datos personales cuando visita nuestro sitio web. Los datos personales son aquellos que permiten identificarle personalmente. Si desea informaci\u00f3n detallada sobre el tema de la protecci\u00f3n de datos, consulte nuestra declaraci\u00f3n de &#8230; <a title=\"Protecci\u00f3n de datos\" class=\"read-more\" href=\"https:\/\/cardinal-tapes.com\/es\/proteccion-de-datos\/\" aria-label=\"Leer m\u00e1s sobre Protecci\u00f3n de datos\">Leer m\u00e1s<\/a><\/p>\n","protected":false},"author":1,"featured_media":0,"parent":0,"menu_order":15,"comment_status":"closed","ping_status":"closed","template":"","meta":{"_acf_changed":false,"footnotes":""},"class_list":["post-87929","page","type-page","status-publish"],"acf":[],"yoast_head":"<!-- This site is optimized with the Yoast SEO plugin v28.3 - https:\/\/yoast.com\/product\/yoast-seo-wordpress\/ -->\n<title>Pol\u00edtica de privacidad | cardinal Tapes<\/title>\n<meta name=\"description\" content=\"Descubre todo lo que necesitas saber sobre el tipo, el alcance y los fines de la recogida, el tratamiento y el uso de tus datos. \u00a1Sigue leyendo!\" \/>\n<meta name=\"robots\" content=\"index, follow, max-snippet:-1, max-image-preview:large, max-video-preview:-1\" \/>\n<link rel=\"canonical\" href=\"https:\/\/cardinal-tapes.com\/es\/proteccion-de-datos\/\" \/>\n<meta property=\"og:locale\" content=\"es_ES\" \/>\n<meta property=\"og:type\" content=\"article\" \/>\n<meta property=\"og:title\" content=\"Pol\u00edtica de privacidad | cardinal Tapes\" \/>\n<meta property=\"og:description\" content=\"Descubre todo lo que necesitas saber sobre el tipo, el alcance y los fines de la recogida, el tratamiento y el uso de tus datos. \u00a1Sigue leyendo!\" \/>\n<meta property=\"og:url\" content=\"https:\/\/cardinal-tapes.com\/es\/proteccion-de-datos\/\" \/>\n<meta property=\"og:site_name\" content=\"cardinal Tapes\" \/>\n<meta property=\"article:modified_time\" content=\"2026-08-13T07:40:19+00:00\" \/>\n<meta name=\"twitter:card\" content=\"summary_large_image\" \/>\n<meta name=\"twitter:label1\" content=\"Tiempo de lectura\" \/>\n\t<meta name=\"twitter:data1\" content=\"28 minuto\" \/>\n<script type=\"application\/ld+json\" class=\"yoast-schema-graph\">{\"@context\":\"https:\\\/\\\/schema.org\",\"@graph\":[{\"@type\":\"WebPage\",\"@id\":\"https:\\\/\\\/cardinal-tapes.com\\\/es\\\/proteccion-de-datos\\\/\",\"url\":\"https:\\\/\\\/cardinal-tapes.com\\\/es\\\/proteccion-de-datos\\\/\",\"name\":\"Pol\u00edtica de privacidad | cardinal Tapes\",\"isPartOf\":{\"@id\":\"https:\\\/\\\/cardinal-tapes.com\\\/es\\\/#website\"},\"datePublished\":\"2026-04-02T13:10:42+00:00\",\"dateModified\":\"2026-08-13T07:40:19+00:00\",\"description\":\"Descubre todo lo que necesitas saber sobre el tipo, el alcance y los fines de la recogida, el tratamiento y el uso de tus datos. \u00a1Sigue leyendo!\",\"breadcrumb\":{\"@id\":\"https:\\\/\\\/cardinal-tapes.com\\\/es\\\/proteccion-de-datos\\\/#breadcrumb\"},\"inLanguage\":\"es\",\"potentialAction\":[{\"@type\":\"ReadAction\",\"target\":[\"https:\\\/\\\/cardinal-tapes.com\\\/es\\\/proteccion-de-datos\\\/\"]}]},{\"@type\":\"BreadcrumbList\",\"@id\":\"https:\\\/\\\/cardinal-tapes.com\\\/es\\\/proteccion-de-datos\\\/#breadcrumb\",\"itemListElement\":[{\"@type\":\"ListItem\",\"position\":1,\"name\":\"Startseite\",\"item\":\"https:\\\/\\\/cardinal-tapes.com\\\/es\\\/pagina-de-inicio\\\/\"},{\"@type\":\"ListItem\",\"position\":2,\"name\":\"Protecci\u00f3n de datos\"}]},{\"@type\":\"WebSite\",\"@id\":\"https:\\\/\\\/cardinal-tapes.com\\\/es\\\/#website\",\"url\":\"https:\\\/\\\/cardinal-tapes.com\\\/es\\\/\",\"name\":\"cardinal TAPES\",\"description\":\"Klebetechnik aus Wuppertal\",\"publisher\":{\"@id\":\"https:\\\/\\\/cardinal-tapes.com\\\/es\\\/#organization\"},\"potentialAction\":[{\"@type\":\"SearchAction\",\"target\":{\"@type\":\"EntryPoint\",\"urlTemplate\":\"https:\\\/\\\/cardinal-tapes.com\\\/es\\\/?s={search_term_string}\"},\"query-input\":{\"@type\":\"PropertyValueSpecification\",\"valueRequired\":true,\"valueName\":\"search_term_string\"}}],\"inLanguage\":\"es\"},{\"@type\":\"Organization\",\"@id\":\"https:\\\/\\\/cardinal-tapes.com\\\/es\\\/#organization\",\"name\":\"Cardinal Tapes\",\"url\":\"https:\\\/\\\/cardinal-tapes.com\\\/es\\\/\",\"logo\":{\"@type\":\"ImageObject\",\"inLanguage\":\"es\",\"@id\":\"https:\\\/\\\/cardinal-tapes.com\\\/es\\\/#\\\/schema\\\/logo\\\/image\\\/\",\"url\":\"https:\\\/\\\/cardinal-tapes.com\\\/wp-content\\\/uploads\\\/cardinal-tapes-logo.svg\",\"contentUrl\":\"https:\\\/\\\/cardinal-tapes.com\\\/wp-content\\\/uploads\\\/cardinal-tapes-logo.svg\",\"width\":216,\"height\":56,\"caption\":\"Cardinal Tapes\"},\"image\":{\"@id\":\"https:\\\/\\\/cardinal-tapes.com\\\/es\\\/#\\\/schema\\\/logo\\\/image\\\/\"}}]}<\/script>\n<!-- \/ Yoast SEO plugin. -->","yoast_head_json":{"title":"Pol\u00edtica de privacidad | cardinal Tapes","description":"Descubre todo lo que necesitas saber sobre el tipo, el alcance y los fines de la recogida, el tratamiento y el uso de tus datos. \u00a1Sigue leyendo!","robots":{"index":"index","follow":"follow","max-snippet":"max-snippet:-1","max-image-preview":"max-image-preview:large","max-video-preview":"max-video-preview:-1"},"canonical":"https:\/\/cardinal-tapes.com\/es\/proteccion-de-datos\/","og_locale":"es_ES","og_type":"article","og_title":"Pol\u00edtica de privacidad | cardinal Tapes","og_description":"Descubre todo lo que necesitas saber sobre el tipo, el alcance y los fines de la recogida, el tratamiento y el uso de tus datos. \u00a1Sigue leyendo!","og_url":"https:\/\/cardinal-tapes.com\/es\/proteccion-de-datos\/","og_site_name":"cardinal Tapes","article_modified_time":"2026-08-13T07:40:19+00:00","twitter_card":"summary_large_image","twitter_misc":{"Tiempo de lectura":"28 minuto"},"schema":{"@context":"https:\/\/schema.org","@graph":[{"@type":"WebPage","@id":"https:\/\/cardinal-tapes.com\/es\/proteccion-de-datos\/","url":"https:\/\/cardinal-tapes.com\/es\/proteccion-de-datos\/","name":"Pol\u00edtica de privacidad | cardinal Tapes","isPartOf":{"@id":"https:\/\/cardinal-tapes.com\/es\/#website"},"datePublished":"2026-04-02T13:10:42+00:00","dateModified":"2026-08-13T07:40:19+00:00","description":"Descubre todo lo que necesitas saber sobre el tipo, el alcance y los fines de la recogida, el tratamiento y el uso de tus datos. \u00a1Sigue leyendo!","breadcrumb":{"@id":"https:\/\/cardinal-tapes.com\/es\/proteccion-de-datos\/#breadcrumb"},"inLanguage":"es","potentialAction":[{"@type":"ReadAction","target":["https:\/\/cardinal-tapes.com\/es\/proteccion-de-datos\/"]}]},{"@type":"BreadcrumbList","@id":"https:\/\/cardinal-tapes.com\/es\/proteccion-de-datos\/#breadcrumb","itemListElement":[{"@type":"ListItem","position":1,"name":"Startseite","item":"https:\/\/cardinal-tapes.com\/es\/pagina-de-inicio\/"},{"@type":"ListItem","position":2,"name":"Protecci\u00f3n de datos"}]},{"@type":"WebSite","@id":"https:\/\/cardinal-tapes.com\/es\/#website","url":"https:\/\/cardinal-tapes.com\/es\/","name":"cardinal TAPES","description":"Klebetechnik aus Wuppertal","publisher":{"@id":"https:\/\/cardinal-tapes.com\/es\/#organization"},"potentialAction":[{"@type":"SearchAction","target":{"@type":"EntryPoint","urlTemplate":"https:\/\/cardinal-tapes.com\/es\/?s={search_term_string}"},"query-input":{"@type":"PropertyValueSpecification","valueRequired":true,"valueName":"search_term_string"}}],"inLanguage":"es"},{"@type":"Organization","@id":"https:\/\/cardinal-tapes.com\/es\/#organization","name":"Cardinal Tapes","url":"https:\/\/cardinal-tapes.com\/es\/","logo":{"@type":"ImageObject","inLanguage":"es","@id":"https:\/\/cardinal-tapes.com\/es\/#\/schema\/logo\/image\/","url":"https:\/\/cardinal-tapes.com\/wp-content\/uploads\/cardinal-tapes-logo.svg","contentUrl":"https:\/\/cardinal-tapes.com\/wp-content\/uploads\/cardinal-tapes-logo.svg","width":216,"height":56,"caption":"Cardinal Tapes"},"image":{"@id":"https:\/\/cardinal-tapes.com\/es\/#\/schema\/logo\/image\/"}}]}},"_links":{"self":[{"href":"https:\/\/cardinal-tapes.com\/es\/wp-json\/wp\/v2\/pages\/87929","targetHints":{"allow":["GET"]}}],"collection":[{"href":"https:\/\/cardinal-tapes.com\/es\/wp-json\/wp\/v2\/pages"}],"about":[{"href":"https:\/\/cardinal-tapes.com\/es\/wp-json\/wp\/v2\/types\/page"}],"author":[{"embeddable":true,"href":"https:\/\/cardinal-tapes.com\/es\/wp-json\/wp\/v2\/users\/1"}],"replies":[{"embeddable":true,"href":"https:\/\/cardinal-tapes.com\/es\/wp-json\/wp\/v2\/comments?post=87929"}],"version-history":[{"count":1,"href":"https:\/\/cardinal-tapes.com\/es\/wp-json\/wp\/v2\/pages\/87929\/revisions"}],"predecessor-version":[{"id":87930,"href":"https:\/\/cardinal-tapes.com\/es\/wp-json\/wp\/v2\/pages\/87929\/revisions\/87930"}],"wp:attachment":[{"href":"https:\/\/cardinal-tapes.com\/es\/wp-json\/wp\/v2\/media?parent=87929"}],"curies":[{"name":"wp","href":"https:\/\/api.w.org\/{rel}","templated":true}]}}